{"id":18,"date":"2009-07-24T16:00:35","date_gmt":"2009-07-24T14:00:35","guid":{"rendered":"http:\/\/geschwisterbuechner.de\/mathilde-buchner\/"},"modified":"2010-10-06T12:43:13","modified_gmt":"2010-10-06T10:43:13","slug":"mathilde-buchner","status":"publish","type":"page","link":"https:\/\/geschwisterbuechner.de\/?page_id=18","title":{"rendered":"Mathilde B\u00fcchner"},"content":{"rendered":"<p><meta http-equiv=\"Content-Type\" content=\"text\/html; charset=utf-8\" \/><meta name=\"ProgId\" content=\"Word.Document\" \/><meta name=\"Generator\" content=\"Microsoft Word 10\" \/><meta name=\"Originator\" content=\"Microsoft Word 10\" \/>\n<link href=\"file:\/\/\/C:%5CDOKUME%7E1%5CPETERB%7E1%5CLOKALE%7E1%5CTemp%5Cmsohtml1%5C01%5Cclip_filelist.xml\" rel=\"File-List\" \/><!--[if gte mso 9]><xml>  <w :WordDocument>   <\/w><w :View>Normal<\/w>   <w :Zoom>0<\/w>   <w :HyphenationZone>21<\/w>   <w :Compatibility>    <w :BreakWrappedTables\/>    <w :SnapToGridInCell\/>    <w :WrapTextWithPunct\/>    <w :UseAsianBreakRules\/>   <\/w>   <w :BrowserLevel>MicrosoftInternetExplorer4<\/w>   <\/xml>< ![endif]--><\/p>\n<style> <!--  \/* Style Definitions *\/  p.MsoNormal, li.MsoNormal, div.MsoNormal \t{mso-style-parent:\"\"; \tmargin:0cm; \tmargin-bottom:.0001pt; \tmso-pagination:widow-orphan; \tfont-size:12.0pt; \tfont-family:\"Times New Roman\"; \tmso-fareast-font-family:\"Times New Roman\";} @page Section1 \t{size:595.3pt 841.9pt; \tmargin:70.85pt 70.85pt 2.0cm 70.85pt; \tmso-header-margin:35.4pt; \tmso-footer-margin:35.4pt; \tmso-paper-source:0;} div.Section1 \t{page:Section1;} --> <\/style>\n<p><!--[if gte mso 10]>\n\n\n\n<style>  \/* Style Definitions *\/  table.MsoNormalTable \t{mso-style-name:\"Normale Tabelle\"; \tmso-tstyle-rowband-size:0; \tmso-tstyle-colband-size:0; \tmso-style-noshow:yes; \tmso-style-parent:\"\"; \tmso-padding-alt:0cm 5.4pt 0cm 5.4pt; \tmso-para-margin:0cm; \tmso-para-margin-bottom:.0001pt; \tmso-pagination:widow-orphan; \tfont-size:10.0pt; \tfont-family:\"Times New Roman\";} <\/style>\n\n < ![endif]--><\/p>\n<p><o><\/o>Mathilde B\u00fcchner (* 20. April 1815 in Goddelau, \u0086 30. August 1888 in Darmstadt) war das zweite Kind, die erste Tochter der B\u00fcchners.<\/p>\n<p><img loading=\"lazy\" decoding=\"async\" src=\"https:\/\/geschwisterbuechner.de\/wp-content\/uploads\/2009\/12\/mathilde-buchner-1815-1888.thumbnail.jpg\" title=\"Mathilde Buechner\" alt=\"Mathilde Buechner\" height=\"242\" width=\"143\" \/><\/p>\n<p>Im Gegensatz zu Ihren Geschwistern f\u00fchrte Mathilde ein Frauenleben, wie es im 19. Jahrhundert f\u00fcr unverheiratete Frauen \u00fcblich war. Sie lebte zun\u00e4chst im Haus der Eltern in der Grafenstra\u00dfe in Darmstadt, nach deren Tod im gleichen Haus in gemeinsamem Haushalt mit Ludwigs Familie, wo auch ihre Schwester Luise wohnte. F\u00fcr kurze Zeit hatten Luise und Mathilde eine eigene, gemeinsame Wohnung, zogen dann aber wieder zur\u00fcck in Ludwigs Haus in der Darmst\u00e4dter H\u00f6lgesstra\u00dfe. <o><\/o><\/p>\n<p>Mathilde f\u00fchrte den Haushalt und erm\u00f6glichte so vor allem der Schwester Luise ihr au\u00dfergew\u00f6hnliches Leben. Die Geschwister schildern sie, die nach Georgs fr\u00fchem Tod die \u00c4lteste war, als den \u0084ruhenden Pol\u0094 der Familie. Ihre Kaltbl\u00fctigkeit hat sie Pfingsten 1849 (Pfingstsonntag war der 27. Mai) bei einem Odenwaldausflug bewiesen, von dem ihr Bruder Alexander im \u0084Tollen Jahr\u0094 berichtet: die Geschwister waren &#8211; mitten in die Auseinandersetzungen hessischer mit badischen Truppen, das \u0084Gefecht bei Heppenheim\u0094 fand am 30. Mai statt! &#8211; im vorderen Odenwald unterwegs, w\u00e4hrend Gendarmen auf der Suche nach Aufst\u00e4ndischen waren. Alexander trug ein \u0084Dolchmesser\u0094 und, schlimmer noch, einen Aufstandsplan f\u00fcr die Odenw\u00e4lder Bauern bei sich. Mathilde brachte beides an sich und lie\u00df es im dichten Geb\u00fcsch verschwinden. So wurde Alexander zwar verhaftet, aber nach einer Vernehmung in Darmstadt wieder entlassen. Alexander schreibt: \u0084&#8230; meine stets besonnene Schwester, die sich hier wie oft als mein Schutzgeist bewies\u0094. Mathilde hat sicher an allen Kindsbetten ihrer Schw\u00e4gerinnen gesessen, eines der ganz wenigen authentischen Lebenszeugnisse von ihr ist dann auch die Unterschrift im Pfungst\u00e4dter Kirchenbuch anl\u00e4\u00dflich der Geburt ihrer Nichte Elisabeth im Januar 1848.<\/p>\n<p>Erst im Fr\u00fchjahr 2009 identifizierte die Leiterin der Darmst\u00e4dter Luise-B\u00fcchner-Bibliothek, Agnes Schmidt, im Hessischen Staatsarchiv eine dort falsch zugeordnete Fotografie als Bildnis von Mathilde B\u00fcchner. Kurz darauf fand sich ihr Name unter den Begr\u00fcnderinnen des Darmst\u00e4dter Hausfrauenvereins, der eine Art Einkaufsgenossenschaft betrieb und bis heute besteht.<\/p>\n","protected":false},"excerpt":{"rendered":"<p>Mathilde B\u00fcchner (* 20. April 1815 in Goddelau, \u0086 30. August 1888 in Darmstadt) war das zweite Kind, die erste Tochter der B\u00fcchners. Im Gegensatz zu Ihren Geschwistern f\u00fchrte Mathilde ein Frauenleben, wie es im 19. Jahrhundert f\u00fcr unverheiratete Frauen \u00fcblich war. Sie lebte zun\u00e4chst im Haus der Eltern in der Grafenstra\u00dfe in Darmstadt, nach [&hellip;]<\/p>\n","protected":false},"author":379,"featured_media":0,"parent":0,"menu_order":0,"comment_status":"open","ping_status":"open","template":"","meta":{"footnotes":""},"class_list":["post-18","page","type-page","status-publish","hentry","post-preview"],"yoast_head":"<!-- This site is optimized with the Yoast SEO plugin v27.4 - https:\/\/yoast.com\/product\/yoast-seo-wordpress\/ -->\n<title>Mathilde B\u00fcchner - Neues aus Buechnerland<\/title>\n<meta name=\"robots\" content=\"index, follow, max-snippet:-1, max-image-preview:large, max-video-preview:-1\" \/>\n<link rel=\"canonical\" href=\"https:\/\/geschwisterbuechner.de\/?page_id=18\" \/>\n<meta property=\"og:locale\" content=\"de_DE\" \/>\n<meta property=\"og:type\" content=\"article\" \/>\n<meta property=\"og:title\" content=\"Mathilde B\u00fcchner - Neues aus Buechnerland\" \/>\n<meta property=\"og:description\" content=\"Mathilde B\u00fcchner (* 20. April 1815 in Goddelau, \u0086 30. August 1888 in Darmstadt) war das zweite Kind, die erste Tochter der B\u00fcchners. Im Gegensatz zu Ihren Geschwistern f\u00fchrte Mathilde ein Frauenleben, wie es im 19. Jahrhundert f\u00fcr unverheiratete Frauen \u00fcblich war. Sie lebte zun\u00e4chst im Haus der Eltern in der Grafenstra\u00dfe in Darmstadt, nach [&hellip;]\" \/>\n<meta property=\"og:url\" content=\"https:\/\/geschwisterbuechner.de\/?page_id=18\" \/>\n<meta property=\"og:site_name\" content=\"Neues aus Buechnerland\" \/>\n<meta property=\"article:modified_time\" content=\"2010-10-06T10:43:13+00:00\" \/>\n<meta property=\"og:image\" content=\"https:\/\/geschwisterbuechner.de\/wp-content\/uploads\/2009\/12\/mathilde-buchner-1815-1888.thumbnail.jpg\" \/>\n<meta name=\"twitter:card\" content=\"summary_large_image\" \/>\n<meta name=\"twitter:site\" content=\"@s_p_brunner\" \/>\n<meta name=\"twitter:label1\" content=\"Gesch\u00e4tzte Lesezeit\" \/>\n\t<meta name=\"twitter:data1\" content=\"2\u00a0Minuten\" \/>\n<script type=\"application\/ld+json\" class=\"yoast-schema-graph\">{\"@context\":\"https:\\\/\\\/schema.org\",\"@graph\":[{\"@type\":\"WebPage\",\"@id\":\"https:\\\/\\\/geschwisterbuechner.de\\\/?page_id=18\",\"url\":\"https:\\\/\\\/geschwisterbuechner.de\\\/?page_id=18\",\"name\":\"Mathilde B\u00fcchner - Neues aus Buechnerland\",\"isPartOf\":{\"@id\":\"https:\\\/\\\/geschwisterbuechner.de\\\/#website\"},\"primaryImageOfPage\":{\"@id\":\"https:\\\/\\\/geschwisterbuechner.de\\\/?page_id=18#primaryimage\"},\"image\":{\"@id\":\"https:\\\/\\\/geschwisterbuechner.de\\\/?page_id=18#primaryimage\"},\"thumbnailUrl\":\"https:\\\/\\\/geschwisterbuechner.de\\\/wp-content\\\/uploads\\\/2009\\\/12\\\/mathilde-buchner-1815-1888.thumbnail.jpg\",\"datePublished\":\"2009-07-24T14:00:35+00:00\",\"dateModified\":\"2010-10-06T10:43:13+00:00\",\"breadcrumb\":{\"@id\":\"https:\\\/\\\/geschwisterbuechner.de\\\/?page_id=18#breadcrumb\"},\"inLanguage\":\"de\",\"potentialAction\":[{\"@type\":\"ReadAction\",\"target\":[\"https:\\\/\\\/geschwisterbuechner.de\\\/?page_id=18\"]}]},{\"@type\":\"ImageObject\",\"inLanguage\":\"de\",\"@id\":\"https:\\\/\\\/geschwisterbuechner.de\\\/?page_id=18#primaryimage\",\"url\":\"https:\\\/\\\/geschwisterbuechner.de\\\/wp-content\\\/uploads\\\/2009\\\/12\\\/mathilde-buchner-1815-1888.thumbnail.jpg\",\"contentUrl\":\"https:\\\/\\\/geschwisterbuechner.de\\\/wp-content\\\/uploads\\\/2009\\\/12\\\/mathilde-buchner-1815-1888.thumbnail.jpg\"},{\"@type\":\"BreadcrumbList\",\"@id\":\"https:\\\/\\\/geschwisterbuechner.de\\\/?page_id=18#breadcrumb\",\"itemListElement\":[{\"@type\":\"ListItem\",\"position\":1,\"name\":\"Startseite\",\"item\":\"https:\\\/\\\/geschwisterbuechner.de\\\/\"},{\"@type\":\"ListItem\",\"position\":2,\"name\":\"Mathilde B\u00fcchner\"}]},{\"@type\":\"WebSite\",\"@id\":\"https:\\\/\\\/geschwisterbuechner.de\\\/#website\",\"url\":\"https:\\\/\\\/geschwisterbuechner.de\\\/\",\"name\":\"Neues aus Buechnerland\",\"description\":\"Peter Brunners Buechnerblog\",\"publisher\":{\"@id\":\"https:\\\/\\\/geschwisterbuechner.de\\\/#\\\/schema\\\/person\\\/ec81f262408192ea04c51ee9c89d48d9\"},\"potentialAction\":[{\"@type\":\"SearchAction\",\"target\":{\"@type\":\"EntryPoint\",\"urlTemplate\":\"https:\\\/\\\/geschwisterbuechner.de\\\/?s={search_term_string}\"},\"query-input\":{\"@type\":\"PropertyValueSpecification\",\"valueRequired\":true,\"valueName\":\"search_term_string\"}}],\"inLanguage\":\"de\"},{\"@type\":[\"Person\",\"Organization\"],\"@id\":\"https:\\\/\\\/geschwisterbuechner.de\\\/#\\\/schema\\\/person\\\/ec81f262408192ea04c51ee9c89d48d9\",\"name\":\"peter brunner\",\"image\":{\"@type\":\"ImageObject\",\"inLanguage\":\"de\",\"@id\":\"https:\\\/\\\/secure.gravatar.com\\\/avatar\\\/b6195224d15188d95b27ef2d5a30de7ec9d4b75805cd922fc20b18ef8165d1e4?s=96&d=mm&r=g\",\"url\":\"https:\\\/\\\/secure.gravatar.com\\\/avatar\\\/b6195224d15188d95b27ef2d5a30de7ec9d4b75805cd922fc20b18ef8165d1e4?s=96&d=mm&r=g\",\"contentUrl\":\"https:\\\/\\\/secure.gravatar.com\\\/avatar\\\/b6195224d15188d95b27ef2d5a30de7ec9d4b75805cd922fc20b18ef8165d1e4?s=96&d=mm&r=g\",\"caption\":\"peter brunner\"},\"logo\":{\"@id\":\"https:\\\/\\\/secure.gravatar.com\\\/avatar\\\/b6195224d15188d95b27ef2d5a30de7ec9d4b75805cd922fc20b18ef8165d1e4?s=96&d=mm&r=g\"}}]}<\/script>\n<!-- \/ Yoast SEO plugin. -->","yoast_head_json":{"title":"Mathilde B\u00fcchner - Neues aus Buechnerland","robots":{"index":"index","follow":"follow","max-snippet":"max-snippet:-1","max-image-preview":"max-image-preview:large","max-video-preview":"max-video-preview:-1"},"canonical":"https:\/\/geschwisterbuechner.de\/?page_id=18","og_locale":"de_DE","og_type":"article","og_title":"Mathilde B\u00fcchner - Neues aus Buechnerland","og_description":"Mathilde B\u00fcchner (* 20. April 1815 in Goddelau, \u0086 30. August 1888 in Darmstadt) war das zweite Kind, die erste Tochter der B\u00fcchners. Im Gegensatz zu Ihren Geschwistern f\u00fchrte Mathilde ein Frauenleben, wie es im 19. Jahrhundert f\u00fcr unverheiratete Frauen \u00fcblich war. Sie lebte zun\u00e4chst im Haus der Eltern in der Grafenstra\u00dfe in Darmstadt, nach [&hellip;]","og_url":"https:\/\/geschwisterbuechner.de\/?page_id=18","og_site_name":"Neues aus Buechnerland","article_modified_time":"2010-10-06T10:43:13+00:00","og_image":[{"url":"https:\/\/geschwisterbuechner.de\/wp-content\/uploads\/2009\/12\/mathilde-buchner-1815-1888.thumbnail.jpg","type":"","width":"","height":""}],"twitter_card":"summary_large_image","twitter_site":"@s_p_brunner","twitter_misc":{"Gesch\u00e4tzte Lesezeit":"2\u00a0Minuten"},"schema":{"@context":"https:\/\/schema.org","@graph":[{"@type":"WebPage","@id":"https:\/\/geschwisterbuechner.de\/?page_id=18","url":"https:\/\/geschwisterbuechner.de\/?page_id=18","name":"Mathilde B\u00fcchner - Neues aus Buechnerland","isPartOf":{"@id":"https:\/\/geschwisterbuechner.de\/#website"},"primaryImageOfPage":{"@id":"https:\/\/geschwisterbuechner.de\/?page_id=18#primaryimage"},"image":{"@id":"https:\/\/geschwisterbuechner.de\/?page_id=18#primaryimage"},"thumbnailUrl":"https:\/\/geschwisterbuechner.de\/wp-content\/uploads\/2009\/12\/mathilde-buchner-1815-1888.thumbnail.jpg","datePublished":"2009-07-24T14:00:35+00:00","dateModified":"2010-10-06T10:43:13+00:00","breadcrumb":{"@id":"https:\/\/geschwisterbuechner.de\/?page_id=18#breadcrumb"},"inLanguage":"de","potentialAction":[{"@type":"ReadAction","target":["https:\/\/geschwisterbuechner.de\/?page_id=18"]}]},{"@type":"ImageObject","inLanguage":"de","@id":"https:\/\/geschwisterbuechner.de\/?page_id=18#primaryimage","url":"https:\/\/geschwisterbuechner.de\/wp-content\/uploads\/2009\/12\/mathilde-buchner-1815-1888.thumbnail.jpg","contentUrl":"https:\/\/geschwisterbuechner.de\/wp-content\/uploads\/2009\/12\/mathilde-buchner-1815-1888.thumbnail.jpg"},{"@type":"BreadcrumbList","@id":"https:\/\/geschwisterbuechner.de\/?page_id=18#breadcrumb","itemListElement":[{"@type":"ListItem","position":1,"name":"Startseite","item":"https:\/\/geschwisterbuechner.de\/"},{"@type":"ListItem","position":2,"name":"Mathilde B\u00fcchner"}]},{"@type":"WebSite","@id":"https:\/\/geschwisterbuechner.de\/#website","url":"https:\/\/geschwisterbuechner.de\/","name":"Neues aus Buechnerland","description":"Peter Brunners Buechnerblog","publisher":{"@id":"https:\/\/geschwisterbuechner.de\/#\/schema\/person\/ec81f262408192ea04c51ee9c89d48d9"},"potentialAction":[{"@type":"SearchAction","target":{"@type":"EntryPoint","urlTemplate":"https:\/\/geschwisterbuechner.de\/?s={search_term_string}"},"query-input":{"@type":"PropertyValueSpecification","valueRequired":true,"valueName":"search_term_string"}}],"inLanguage":"de"},{"@type":["Person","Organization"],"@id":"https:\/\/geschwisterbuechner.de\/#\/schema\/person\/ec81f262408192ea04c51ee9c89d48d9","name":"peter brunner","image":{"@type":"ImageObject","inLanguage":"de","@id":"https:\/\/secure.gravatar.com\/avatar\/b6195224d15188d95b27ef2d5a30de7ec9d4b75805cd922fc20b18ef8165d1e4?s=96&d=mm&r=g","url":"https:\/\/secure.gravatar.com\/avatar\/b6195224d15188d95b27ef2d5a30de7ec9d4b75805cd922fc20b18ef8165d1e4?s=96&d=mm&r=g","contentUrl":"https:\/\/secure.gravatar.com\/avatar\/b6195224d15188d95b27ef2d5a30de7ec9d4b75805cd922fc20b18ef8165d1e4?s=96&d=mm&r=g","caption":"peter brunner"},"logo":{"@id":"https:\/\/secure.gravatar.com\/avatar\/b6195224d15188d95b27ef2d5a30de7ec9d4b75805cd922fc20b18ef8165d1e4?s=96&d=mm&r=g"}}]}},"_links":{"self":[{"href":"https:\/\/geschwisterbuechner.de\/index.php?rest_route=\/wp\/v2\/pages\/18","targetHints":{"allow":["GET"]}}],"collection":[{"href":"https:\/\/geschwisterbuechner.de\/index.php?rest_route=\/wp\/v2\/pages"}],"about":[{"href":"https:\/\/geschwisterbuechner.de\/index.php?rest_route=\/wp\/v2\/types\/page"}],"author":[{"embeddable":true,"href":"https:\/\/geschwisterbuechner.de\/index.php?rest_route=\/wp\/v2\/users\/379"}],"replies":[{"embeddable":true,"href":"https:\/\/geschwisterbuechner.de\/index.php?rest_route=%2Fwp%2Fv2%2Fcomments&post=18"}],"version-history":[{"count":0,"href":"https:\/\/geschwisterbuechner.de\/index.php?rest_route=\/wp\/v2\/pages\/18\/revisions"}],"wp:attachment":[{"href":"https:\/\/geschwisterbuechner.de\/index.php?rest_route=%2Fwp%2Fv2%2Fmedia&parent=18"}],"curies":[{"name":"wp","href":"https:\/\/api.w.org\/{rel}","templated":true}]}}