{"id":17,"date":"2009-07-24T15:52:39","date_gmt":"2009-07-24T13:52:39","guid":{"rendered":"http:\/\/geschwisterbuechner.de\/wilhelm-buchner\/"},"modified":"2010-10-06T12:41:19","modified_gmt":"2010-10-06T10:41:19","slug":"wilhelm-buchner","status":"publish","type":"page","link":"https:\/\/geschwisterbuechner.de\/?page_id=17","title":{"rendered":"Wilhelm B\u00fcchner"},"content":{"rendered":"<p><img loading=\"lazy\" decoding=\"async\" src=\"https:\/\/geschwisterbuechner.de\/wp-content\/uploads\/2010\/07\/wilhelm_zeichnung_farbe.JPG\" height=\"460\" width=\"418\" \/><\/p>\n<p>Wilhelm B\u00fcchner (* 2. August 1816 in Stockstadt; \u0086 14. Juli 1892 in Pfungstadt) war Apotheker, Chemiker, Fabrikant und Politiker.<\/p>\n<p>Wilhelm nahm leidenschaftlich Anteil am Schicksal Georgs, der als Mitverfasser des \u0084Hessischen Landboten\u0093, einer aufr\u00fchrerisch-fr\u00fchsozialistischen Kampfschrift, das absolutistisch regierte Darmstadt durch Flucht verlassen musste. Wilhelm lie\u00df sich am Tag der Flucht im Februar 1835 an Georgs Stelle verhaften und verh\u00f6ren und machte die Flucht so erst m\u00f6glich.<\/p>\n<p>Aus seinem Exil richtet Georg einen ausf\u00fchrlichen Brief an den Bruder.<\/p>\n<p>Noch 1834 beendet Wilhelm die Apothekerlehre in Zwingenberg, 1836\/37 studiert er in Heidelberg bei Leopold Gmelin, einem der Begr\u00fcnder der modernen Chemie. 1838\/39 setzt er seine Studien in Gie\u00dfen bei Justus von Liebig fort und legt dort sein Staatsexamen als Apotheker ab. 1841 gr\u00fcndet er \u0096 zun\u00e4chst im Garten seines Elternhauses in der Darmst\u00e4dter Grafenstra\u00dfe &#8211; eine kleine chemische Fabrik. B\u00fcchner experimentiert mit der Herstellung k\u00fcnstlicher Farbstoffe. Er kennt die Arbeiten des Alchimisten Johann Konrad Dippel und von Christian Gottlob Gmelin. B\u00fcchner gelingt eine Vereinfachung in der Produktion k\u00fcnstlicher blauer Farbe, des Ultramarin. Das erste gelungene Ergebnis seiner Experimente soll er mit den Worten \u0084da haben wir eine Million\u0093 gl\u00fchend hei\u00df auf den Mahagonitisch seiner Mutter gelegt haben. Bereits 1845 verlegt er die Produktion auf das Gel\u00e4nde der ehemaligen Krappfabrik in Pfungstadt. Wilhelm B\u00fcchner hatte im Februar 1845 im holl\u00e4ndischen Gouda seine Cousine Elisabeth B\u00fcchner geheiratet und die erhebliche Mitgift in das Unternehmen eingebracht. Die Anbahnung des Grundst\u00fccksgesch\u00e4ftes \u00fcbernahm der befreundete Darmst\u00e4dter Heinrich Emanuel Merck.Die blaue Farbe, die als Farbstoff und zum Bleichen von W\u00e4sche benutzt wird, hat Abnehmer in der gesamten Welt, das Unternehmen erh\u00e4lt f\u00fcr die Qualit\u00e4t der Produkte zahlreiche Medaillen und Auszeichnungen, unter anderem bei der Pariser Weltausstellung. Mit dem Aufstieg des Unternehmens steigt auch B\u00fcchners Wohlstand, 1863 wird der Grundstein f\u00fcr eine Villa nach den Pl\u00e4nen des Darmst\u00e4dter Architekten Balthasar Harres gelegt. Nachdem die politischen Verh\u00e4ltnisse es zulie\u00dfen (1851), errichteten die Geschwister ihrem Bruder Georg in Z\u00fcrich eine angemessene Grabst\u00e4tte. 1875, als der alte Friedhof in Z\u00fcrich eingeebnet wurde, bettete man Georg zum \u0084Rigiblick&#8220; in Z\u00fcrich um. Den Grabstein von 1851 platzierte Wilhelm in seinem Garten. Wilhelms Enkel Anton berichtet, das der \u0084schlie\u00dflich ganz verging&#8220; (unver\u00f6ffentlicht, zit. nach dem ms. Manuskript zu \u0084Die Familie B\u00fcchner&#8220;, Darmstadt 1963). Der Sockel dieses Grabsteins liegt als Leihgabe der Stadt Pfungstadt im Goddelauer B\u00fcchner-Haus, dem Geburtshaus von Georg B\u00fcchner.<br \/>\nVon 1849 bis 1850 ist B\u00fcchner f\u00fcr den Wahlkreis Zwingenberg Abgeordneter im hessischen Landtag, 1852 wird er zum Mitglied der <em>\u0084Academie nationale agricole, manufacturi\u00e8re et commerciale\u0093<\/em>. 1865\/66 und erneut von 1872 bis 1881 vertritt er die Wahlkreise Wald-Michelbach, sp\u00e4ter Gernsheim im hessischen Landtag. Von 1877 bis 1884 ist er Mitglied des Reichstages in Berlin. Er geh\u00f6rte den Liberalen an. Bekannt ist sein Widerstand gegen Bismarck, insbesondere gegen die \u0084Verstaatlichung\u0093 der sozialen F\u00fcrsorge und sein Einsatz f\u00fcr die Volksbildung. 1878 stimmt er gegen die Sozialistengesetze. In Pfungstadt hat er viele Jahre als Gemeindevertreter gewirkt, die Gr\u00fcndung des ersten Kindergartens, der \u0084zweiklassigen Kleinkinderschule\u0093 von 1868, hat er veranlasst. 1870 richtet das Ehepaar B\u00fcchner anl\u00e4sslich seiner Silberhochzeit einen \u0084Pensionsfonds f\u00fcr Arbeitsinvalide\u0093 ein, der sp\u00e4ter in eine Betriebskrankenkasse umgewandelt wird. Die Er\u00f6ffnung der \u0084Secund\u00e4rbahn\u0093 nach Eberstadt 1886, mit der ihm und seinem Freund, dem Bierbrauer Justus Hildebrand, der Export erheblich erleichtert wird, ist wesentlich seinem Einsatz zu verdanken, ebenso wie die damit verbundene Erhebung Pfungstadts zur Stadt im gleichen Jahr. 1882 \u00fcbergibt B\u00fcchner die Leitung des Unternehmens seinem Sohn Ernst, 1890 gliedert Ernst den Pfungst\u00e4dter Betrieb in die \u0084Vereinigten Ultramarinfabriken\u0093 ein. Die Gr\u00fcndung dieses Gemeinschaftsunternehmens war die Reaktion auf die aufkommende \u0084Erd\u00f6lchemie\u0093, deren weiterer Aufschwung schlie\u00dflich 1893 das \u0084amtliche Erl\u00f6schen\u0093 der Firma zur Folge hat. Wilhelm B\u00fcchner war kurz zuvor, am 14. Juli 1892, in Pfungstadt gestorben.<\/p>\n<p>Dieser Artikel nutzt Material aus dem Artikel <a href=\"http:\/\/de.wikipedia.org\/wiki\/Wilhelm_B%C3%BCchner\">Wilhelm B\u00fcchner<\/a>\u00a0 in der freien Enzyklop\u00e4die<a href=\"http:\/\/de.wikipedia.org\" target=\"_blank\"> <\/a><a href=\"http:\/\/de.wikipedia.org\">Wikipedia<\/a> , an dem ich selbst mitgearbeitet habe und steht unter der Doppellizenz <a href=\"http:\/\/de.wikipedia.org\/wiki\/Wikipedia:GNU_Free_Documentation_License\">GNU-Lizenz f\u00fcr freie Dokumentation<\/a> <span style=\"font-size: 13pt\">und<\/span> <a href=\"http:\/\/de.wikipedia.org\/wiki\/Wikipedia:Lizenzbestimmungen_Commons_Attribution-ShareAlike_3.0_Unported\">Creative Commons CC-BY-SA 3.0 Unported<\/a>. In Wikipedia ist eine Liste der Autoren verf\u00fcgbar.<\/p>\n","protected":false},"excerpt":{"rendered":"<p>Wilhelm B\u00fcchner (* 2. August 1816 in Stockstadt; \u0086 14. Juli 1892 in Pfungstadt) war Apotheker, Chemiker, Fabrikant und Politiker. Wilhelm nahm leidenschaftlich Anteil am Schicksal Georgs, der als Mitverfasser des \u0084Hessischen Landboten\u0093, einer aufr\u00fchrerisch-fr\u00fchsozialistischen Kampfschrift, das absolutistisch regierte Darmstadt durch Flucht verlassen musste. Wilhelm lie\u00df sich am Tag der Flucht im Februar 1835 an [&hellip;]<\/p>\n","protected":false},"author":379,"featured_media":0,"parent":0,"menu_order":0,"comment_status":"open","ping_status":"open","template":"","meta":{"footnotes":""},"class_list":["post-17","page","type-page","status-publish","hentry","post-preview"],"yoast_head":"<!-- This site is optimized with the Yoast SEO plugin v27.4 - https:\/\/yoast.com\/product\/yoast-seo-wordpress\/ -->\n<title>Wilhelm B\u00fcchner - Neues aus Buechnerland<\/title>\n<meta name=\"robots\" content=\"index, follow, max-snippet:-1, max-image-preview:large, max-video-preview:-1\" \/>\n<link rel=\"canonical\" href=\"https:\/\/geschwisterbuechner.de\/?page_id=17\" \/>\n<meta property=\"og:locale\" content=\"de_DE\" \/>\n<meta property=\"og:type\" content=\"article\" \/>\n<meta property=\"og:title\" content=\"Wilhelm B\u00fcchner - Neues aus Buechnerland\" \/>\n<meta property=\"og:description\" content=\"Wilhelm B\u00fcchner (* 2. August 1816 in Stockstadt; \u0086 14. Juli 1892 in Pfungstadt) war Apotheker, Chemiker, Fabrikant und Politiker. Wilhelm nahm leidenschaftlich Anteil am Schicksal Georgs, der als Mitverfasser des \u0084Hessischen Landboten\u0093, einer aufr\u00fchrerisch-fr\u00fchsozialistischen Kampfschrift, das absolutistisch regierte Darmstadt durch Flucht verlassen musste. Wilhelm lie\u00df sich am Tag der Flucht im Februar 1835 an [&hellip;]\" \/>\n<meta property=\"og:url\" content=\"https:\/\/geschwisterbuechner.de\/?page_id=17\" \/>\n<meta property=\"og:site_name\" content=\"Neues aus Buechnerland\" \/>\n<meta property=\"article:modified_time\" content=\"2010-10-06T10:41:19+00:00\" \/>\n<meta property=\"og:image\" content=\"https:\/\/geschwisterbuechner.de\/wp-content\/uploads\/2010\/07\/wilhelm_zeichnung_farbe.JPG\" \/>\n<meta name=\"twitter:card\" content=\"summary_large_image\" \/>\n<meta name=\"twitter:site\" content=\"@s_p_brunner\" \/>\n<meta name=\"twitter:label1\" content=\"Gesch\u00e4tzte Lesezeit\" \/>\n\t<meta name=\"twitter:data1\" content=\"3\u00a0Minuten\" \/>\n<script type=\"application\/ld+json\" class=\"yoast-schema-graph\">{\"@context\":\"https:\\\/\\\/schema.org\",\"@graph\":[{\"@type\":\"WebPage\",\"@id\":\"https:\\\/\\\/geschwisterbuechner.de\\\/?page_id=17\",\"url\":\"https:\\\/\\\/geschwisterbuechner.de\\\/?page_id=17\",\"name\":\"Wilhelm B\u00fcchner - Neues aus Buechnerland\",\"isPartOf\":{\"@id\":\"https:\\\/\\\/geschwisterbuechner.de\\\/#website\"},\"primaryImageOfPage\":{\"@id\":\"https:\\\/\\\/geschwisterbuechner.de\\\/?page_id=17#primaryimage\"},\"image\":{\"@id\":\"https:\\\/\\\/geschwisterbuechner.de\\\/?page_id=17#primaryimage\"},\"thumbnailUrl\":\"https:\\\/\\\/geschwisterbuechner.de\\\/wp-content\\\/uploads\\\/2010\\\/07\\\/wilhelm_zeichnung_farbe.JPG\",\"datePublished\":\"2009-07-24T13:52:39+00:00\",\"dateModified\":\"2010-10-06T10:41:19+00:00\",\"breadcrumb\":{\"@id\":\"https:\\\/\\\/geschwisterbuechner.de\\\/?page_id=17#breadcrumb\"},\"inLanguage\":\"de\",\"potentialAction\":[{\"@type\":\"ReadAction\",\"target\":[\"https:\\\/\\\/geschwisterbuechner.de\\\/?page_id=17\"]}]},{\"@type\":\"ImageObject\",\"inLanguage\":\"de\",\"@id\":\"https:\\\/\\\/geschwisterbuechner.de\\\/?page_id=17#primaryimage\",\"url\":\"https:\\\/\\\/geschwisterbuechner.de\\\/wp-content\\\/uploads\\\/2010\\\/07\\\/wilhelm_zeichnung_farbe.JPG\",\"contentUrl\":\"https:\\\/\\\/geschwisterbuechner.de\\\/wp-content\\\/uploads\\\/2010\\\/07\\\/wilhelm_zeichnung_farbe.JPG\"},{\"@type\":\"BreadcrumbList\",\"@id\":\"https:\\\/\\\/geschwisterbuechner.de\\\/?page_id=17#breadcrumb\",\"itemListElement\":[{\"@type\":\"ListItem\",\"position\":1,\"name\":\"Startseite\",\"item\":\"https:\\\/\\\/geschwisterbuechner.de\\\/\"},{\"@type\":\"ListItem\",\"position\":2,\"name\":\"Wilhelm B\u00fcchner\"}]},{\"@type\":\"WebSite\",\"@id\":\"https:\\\/\\\/geschwisterbuechner.de\\\/#website\",\"url\":\"https:\\\/\\\/geschwisterbuechner.de\\\/\",\"name\":\"Neues aus Buechnerland\",\"description\":\"Peter Brunners Buechnerblog\",\"publisher\":{\"@id\":\"https:\\\/\\\/geschwisterbuechner.de\\\/#\\\/schema\\\/person\\\/ec81f262408192ea04c51ee9c89d48d9\"},\"potentialAction\":[{\"@type\":\"SearchAction\",\"target\":{\"@type\":\"EntryPoint\",\"urlTemplate\":\"https:\\\/\\\/geschwisterbuechner.de\\\/?s={search_term_string}\"},\"query-input\":{\"@type\":\"PropertyValueSpecification\",\"valueRequired\":true,\"valueName\":\"search_term_string\"}}],\"inLanguage\":\"de\"},{\"@type\":[\"Person\",\"Organization\"],\"@id\":\"https:\\\/\\\/geschwisterbuechner.de\\\/#\\\/schema\\\/person\\\/ec81f262408192ea04c51ee9c89d48d9\",\"name\":\"peter brunner\",\"image\":{\"@type\":\"ImageObject\",\"inLanguage\":\"de\",\"@id\":\"https:\\\/\\\/secure.gravatar.com\\\/avatar\\\/b6195224d15188d95b27ef2d5a30de7ec9d4b75805cd922fc20b18ef8165d1e4?s=96&d=mm&r=g\",\"url\":\"https:\\\/\\\/secure.gravatar.com\\\/avatar\\\/b6195224d15188d95b27ef2d5a30de7ec9d4b75805cd922fc20b18ef8165d1e4?s=96&d=mm&r=g\",\"contentUrl\":\"https:\\\/\\\/secure.gravatar.com\\\/avatar\\\/b6195224d15188d95b27ef2d5a30de7ec9d4b75805cd922fc20b18ef8165d1e4?s=96&d=mm&r=g\",\"caption\":\"peter brunner\"},\"logo\":{\"@id\":\"https:\\\/\\\/secure.gravatar.com\\\/avatar\\\/b6195224d15188d95b27ef2d5a30de7ec9d4b75805cd922fc20b18ef8165d1e4?s=96&d=mm&r=g\"}}]}<\/script>\n<!-- \/ Yoast SEO plugin. -->","yoast_head_json":{"title":"Wilhelm B\u00fcchner - Neues aus Buechnerland","robots":{"index":"index","follow":"follow","max-snippet":"max-snippet:-1","max-image-preview":"max-image-preview:large","max-video-preview":"max-video-preview:-1"},"canonical":"https:\/\/geschwisterbuechner.de\/?page_id=17","og_locale":"de_DE","og_type":"article","og_title":"Wilhelm B\u00fcchner - Neues aus Buechnerland","og_description":"Wilhelm B\u00fcchner (* 2. August 1816 in Stockstadt; \u0086 14. Juli 1892 in Pfungstadt) war Apotheker, Chemiker, Fabrikant und Politiker. Wilhelm nahm leidenschaftlich Anteil am Schicksal Georgs, der als Mitverfasser des \u0084Hessischen Landboten\u0093, einer aufr\u00fchrerisch-fr\u00fchsozialistischen Kampfschrift, das absolutistisch regierte Darmstadt durch Flucht verlassen musste. Wilhelm lie\u00df sich am Tag der Flucht im Februar 1835 an [&hellip;]","og_url":"https:\/\/geschwisterbuechner.de\/?page_id=17","og_site_name":"Neues aus Buechnerland","article_modified_time":"2010-10-06T10:41:19+00:00","og_image":[{"url":"https:\/\/geschwisterbuechner.de\/wp-content\/uploads\/2010\/07\/wilhelm_zeichnung_farbe.JPG","type":"","width":"","height":""}],"twitter_card":"summary_large_image","twitter_site":"@s_p_brunner","twitter_misc":{"Gesch\u00e4tzte Lesezeit":"3\u00a0Minuten"},"schema":{"@context":"https:\/\/schema.org","@graph":[{"@type":"WebPage","@id":"https:\/\/geschwisterbuechner.de\/?page_id=17","url":"https:\/\/geschwisterbuechner.de\/?page_id=17","name":"Wilhelm B\u00fcchner - Neues aus Buechnerland","isPartOf":{"@id":"https:\/\/geschwisterbuechner.de\/#website"},"primaryImageOfPage":{"@id":"https:\/\/geschwisterbuechner.de\/?page_id=17#primaryimage"},"image":{"@id":"https:\/\/geschwisterbuechner.de\/?page_id=17#primaryimage"},"thumbnailUrl":"https:\/\/geschwisterbuechner.de\/wp-content\/uploads\/2010\/07\/wilhelm_zeichnung_farbe.JPG","datePublished":"2009-07-24T13:52:39+00:00","dateModified":"2010-10-06T10:41:19+00:00","breadcrumb":{"@id":"https:\/\/geschwisterbuechner.de\/?page_id=17#breadcrumb"},"inLanguage":"de","potentialAction":[{"@type":"ReadAction","target":["https:\/\/geschwisterbuechner.de\/?page_id=17"]}]},{"@type":"ImageObject","inLanguage":"de","@id":"https:\/\/geschwisterbuechner.de\/?page_id=17#primaryimage","url":"https:\/\/geschwisterbuechner.de\/wp-content\/uploads\/2010\/07\/wilhelm_zeichnung_farbe.JPG","contentUrl":"https:\/\/geschwisterbuechner.de\/wp-content\/uploads\/2010\/07\/wilhelm_zeichnung_farbe.JPG"},{"@type":"BreadcrumbList","@id":"https:\/\/geschwisterbuechner.de\/?page_id=17#breadcrumb","itemListElement":[{"@type":"ListItem","position":1,"name":"Startseite","item":"https:\/\/geschwisterbuechner.de\/"},{"@type":"ListItem","position":2,"name":"Wilhelm B\u00fcchner"}]},{"@type":"WebSite","@id":"https:\/\/geschwisterbuechner.de\/#website","url":"https:\/\/geschwisterbuechner.de\/","name":"Neues aus Buechnerland","description":"Peter Brunners Buechnerblog","publisher":{"@id":"https:\/\/geschwisterbuechner.de\/#\/schema\/person\/ec81f262408192ea04c51ee9c89d48d9"},"potentialAction":[{"@type":"SearchAction","target":{"@type":"EntryPoint","urlTemplate":"https:\/\/geschwisterbuechner.de\/?s={search_term_string}"},"query-input":{"@type":"PropertyValueSpecification","valueRequired":true,"valueName":"search_term_string"}}],"inLanguage":"de"},{"@type":["Person","Organization"],"@id":"https:\/\/geschwisterbuechner.de\/#\/schema\/person\/ec81f262408192ea04c51ee9c89d48d9","name":"peter brunner","image":{"@type":"ImageObject","inLanguage":"de","@id":"https:\/\/secure.gravatar.com\/avatar\/b6195224d15188d95b27ef2d5a30de7ec9d4b75805cd922fc20b18ef8165d1e4?s=96&d=mm&r=g","url":"https:\/\/secure.gravatar.com\/avatar\/b6195224d15188d95b27ef2d5a30de7ec9d4b75805cd922fc20b18ef8165d1e4?s=96&d=mm&r=g","contentUrl":"https:\/\/secure.gravatar.com\/avatar\/b6195224d15188d95b27ef2d5a30de7ec9d4b75805cd922fc20b18ef8165d1e4?s=96&d=mm&r=g","caption":"peter brunner"},"logo":{"@id":"https:\/\/secure.gravatar.com\/avatar\/b6195224d15188d95b27ef2d5a30de7ec9d4b75805cd922fc20b18ef8165d1e4?s=96&d=mm&r=g"}}]}},"_links":{"self":[{"href":"https:\/\/geschwisterbuechner.de\/index.php?rest_route=\/wp\/v2\/pages\/17","targetHints":{"allow":["GET"]}}],"collection":[{"href":"https:\/\/geschwisterbuechner.de\/index.php?rest_route=\/wp\/v2\/pages"}],"about":[{"href":"https:\/\/geschwisterbuechner.de\/index.php?rest_route=\/wp\/v2\/types\/page"}],"author":[{"embeddable":true,"href":"https:\/\/geschwisterbuechner.de\/index.php?rest_route=\/wp\/v2\/users\/379"}],"replies":[{"embeddable":true,"href":"https:\/\/geschwisterbuechner.de\/index.php?rest_route=%2Fwp%2Fv2%2Fcomments&post=17"}],"version-history":[{"count":0,"href":"https:\/\/geschwisterbuechner.de\/index.php?rest_route=\/wp\/v2\/pages\/17\/revisions"}],"wp:attachment":[{"href":"https:\/\/geschwisterbuechner.de\/index.php?rest_route=%2Fwp%2Fv2%2Fmedia&parent=17"}],"curies":[{"name":"wp","href":"https:\/\/api.w.org\/{rel}","templated":true}]}}