{"id":13,"date":"2009-07-24T15:15:59","date_gmt":"2009-07-24T13:15:59","guid":{"rendered":"http:\/\/geschwisterbuechner.de\/alexander-buchner\/"},"modified":"2019-06-03T09:26:03","modified_gmt":"2019-06-03T07:26:03","slug":"alexander-buchner","status":"publish","type":"page","link":"https:\/\/geschwisterbuechner.de\/?page_id=13","title":{"rendered":"Alexander B\u00fcchner"},"content":{"rendered":"<p class=\"MsoNormal\"><img loading=\"lazy\" decoding=\"async\" src=\"https:\/\/geschwisterbuechner.de\/wp-content\/uploads\/2010\/10\/alexander_aus_anton.jpg\" width=\"400\" height=\"500\" \/><\/p>\n<style type=\"text\/css\"> \t<!-- \t\t@page { margin: 2cm } \t\tP { margin-bottom: 0.21cm } \t\tA:link { so-language: zxx } \t--> \t<\/style>\n<p><span style=\"font-size: medium;\">Alexander Karl Ludwig B\u00fcchner (* 25. Oktober 1827; \u0086 7. M\u00e4rz 1904 in Hannover) war ein deutsch-franz\u00f6sischer Schriftsteller und Professor der Literaturgeschichte. Alexander B\u00fcchner war nach einem Jurastudium in Gie\u00dfen \u0084Accessist\u0094 am Landgericht Langen (Hessen) geworden. 1851 wurde ihm der\u0084Acce\u07d4 wegen staatsfeindlicher Gesinnung entzogen. Er hatte sich in London mit exilierten 48er-Revolution\u00e4ren getroffen und war verraten worden. Alexander ging nach M\u00fcnchen, um dort Sprachen und Literatur zu studieren, und habilitierte sich 1852 als Privatdozent an der philosophischen Fakult\u00e4t zu Z\u00fcrich. Auf Vermittlung des Darmst\u00e4dter Mitrevolution\u00e4rs und Freundes Dr. med. Wilhelm Zimmermann, der selbst dort im Exil lebte, konnte er 1855 Lehrer f\u00fcr neuere Sprachen am College Notre Dame in Valenciennes werden. Er trat 1857 in den franz\u00f6sischen Staatsdienst und war seit 1862 Professor der fremden Literaturen zu Caen. Im Jahre 1870 nahm er die franz\u00f6sische Staatsb\u00fcrgerschaft an. Seine Arbeiten in franz\u00f6sischer Sprache geh\u00f6ren zu den fr\u00fchen Arbeiten der Komparatistik. Wie sein Bruder Ludwig war auch Alexander \u0084Meister\u0094 am Freien Deutschen Hochstift. <\/span><\/p>\n<p><span style=\"font-size: medium;\">Werke<\/span><\/p>\n<p><span style=\"font-size: medium;\">in deutscher Sprache <\/span><\/p>\n<p>\u0095\u00a0\u00a0\u00a0\u00a0\u00a0\u00a0\u00a0\u00a0\u00a0 <span style=\"font-size: medium;\">Geschichte der englischen Poesie (Darmstadt 1855, 2 B\u00e4nde)<\/span><\/p>\n<p>\u0095\u00a0\u00a0\u00a0\u00a0\u00a0\u00a0\u00a0\u00a0\u00a0 <span style=\"font-size: medium;\">Franz\u00f6sische Litteraturbilder (Frankfurt am Main 1858, 2 B\u00e4nde)<\/span><\/p>\n<p>\u0095\u00a0\u00a0\u00a0\u00a0\u00a0\u00a0\u00a0\u00a0\u00a0 <span style=\"font-size: medium;\">Lautverschiebung und Lautverwechselung, Abhandlung \u00fcber deutsche Phonologie (Darmstadt 1863)<\/span><\/p>\n<p>\u0095\u00a0\u00a0\u00a0\u00a0\u00a0\u00a0\u00a0\u00a0\u00a0 <span style=\"font-size: medium;\">Jean Paul in Frankreich (Stuttgart 1863)<\/span><\/p>\n<p>\u0095\u00a0\u00a0\u00a0\u00a0\u00a0\u00a0\u00a0\u00a0\u00a0 <span style=\"font-size: medium;\">Der Wunderknabe von Bristol (Leipzig 1861)<\/span><\/p>\n<p>\u0095\u00a0\u00a0\u00a0\u00a0\u00a0\u00a0\u00a0\u00a0\u00a0 <span style=\"font-size: medium;\">Chatterton, Lord Byrons letzte Liebe (Novellen, Leipzig 1862)<\/span><\/p>\n<p>\u0095\u00a0\u00a0\u00a0\u00a0\u00a0\u00a0\u00a0\u00a0\u00a0 <span style=\"font-size: medium;\">Das \u0084tolle\u0094 Jahr. Vor, w\u00e4hrend und nach 1848 (Erinnerungen, Gie\u00dfen 1900)<\/span><\/p>\n<p lang=\"fr-FR\"><span style=\"font-size: medium;\">in franz\u00f6sischer Sprache <\/span><\/p>\n<p>\u0095\u00a0\u00a0\u00a0\u00a0\u00a0\u00a0\u00a0\u00a0\u00a0 <span style=\"font-size: medium;\">L&#8217;\u00e9cole romantique et la jeune Allemagne<\/span><\/p>\n<p>\u0095\u00a0\u00a0\u00a0\u00a0\u00a0\u00a0\u00a0\u00a0\u00a0 <span style=\"font-size: medium;\">Le roman r\u00e9aliste en Allemagne<\/span><\/p>\n<p>\u0095\u00a0\u00a0\u00a0\u00a0\u00a0\u00a0\u00a0\u00a0\u00a0 <span style=\"font-size: medium;\">Les com\u00e9dies de Shakespeare (Caen 1864)<\/span><\/p>\n<p>\u0095\u00a0\u00a0\u00a0\u00a0\u00a0\u00a0\u00a0\u00a0\u00a0 <span style=\"font-size: medium;\">Hamlet le Danois (Paris 1878)<\/span><\/p>\n<p><span style=\"font-size: medium;\">Literatur <\/span><\/p>\n<p><span style=\"font-size: medium;\">B\u00fcchner, Alexander: Ausgew\u00e4hlte Schriften. Hrsg. v. Ludwig Fertig. Darmstadt, Gesellschaft Hessischer Literaturfreunde, 2005. 239 S., ISBN 3-87390-194-3<\/span><\/p>\n<p>Lange, Thomas: Vaterlandslos in zwei Nationen \u2013 Alexander B\u00fcchners Wege zwischen Deutschland und Frankreich. In: Matthias Gr\u00f6bel \/ Manfred H. W. K\u00f6hler \/ Thomas Lange \/ Cordelia Scharpf: \u201eFortschritt der Menschheit in der Entwicklung des Menschen\u201c \u2013 Georg B\u00fcchners Geschwister in ihrem Jahrhundert. Darmstadt 2012, S. 412 \u2013 541.<\/p>\n<p>Lange, Thomas: Georg B\u00fcchner in Frankreich. Vom \u201efranz\u00f6sischen Hamlet\u201c zum \u201eInstrument gelungener Kollaboration\u201c. Wahrnehmung und Wirkung 1845 \u2013 1947. Marburg, Jonas Verlag, 2015. ISBN 978-3-89445-509-5. 127 S., ca. 25 Abb., Broschur. 20 \u20ac (https:\/\/geschwisterbuechner.de\/2015\/09\/19\/thomas-lange-georg-buechner-in-frankreich\/)<\/p>\n<p><span style=\"font-size: medium;\"><em>Dieser Artikel nutzt Material aus dem Artikel <a href=\"http:\/\/de.wikipedia.org\/wiki\/Alexander_B%C3%BCchner\">Alexander B\u00fcchner<\/a> in der freien Enzyklop\u00e4die <a href=\"http:\/\/de.wikipedia.org\/wiki\/Wikipedia:Hauptseite\">Wikipedia<\/a> , an dem ich selbst mitgearbeitet habe und steht unter der Doppellizenz <a href=\"http:\/\/de.wikipedia.org\/wiki\/Wikipedia:GNU_Free_Documentation_License\" target=\"_blank\" rel=\"noopener noreferrer\">GNU-Lizenz f\u00fcr freie Dokumentation<\/a>\u00a0 und <a href=\"http:\/\/de.wikipedia.org\/wiki\/Wikipedia:Lizenzbestimmungen_Commons_Attribution-ShareAlike_3.0_Unported\" target=\"_blank\" rel=\"noopener noreferrer\">Creative Commons CC-BY-SA 3.0 Unported<\/a>. In Wikipedia ist eine Liste der Autoren verf\u00fcgbar.<\/em><\/span><\/p>\n<p style=\"margin-bottom: 0cm;\">\n<p class=\"MsoNormal\">\n","protected":false},"excerpt":{"rendered":"<p>Alexander Karl Ludwig B\u00fcchner (* 25. Oktober 1827; \u0086 7. M\u00e4rz 1904 in Hannover) war ein deutsch-franz\u00f6sischer Schriftsteller und Professor der Literaturgeschichte. Alexander B\u00fcchner war nach einem Jurastudium in Gie\u00dfen \u0084Accessist\u0094 am Landgericht Langen (Hessen) geworden. 1851 wurde ihm der\u0084Acce\u07d4 wegen staatsfeindlicher Gesinnung entzogen. Er hatte sich in London mit exilierten 48er-Revolution\u00e4ren getroffen und war [&hellip;]<\/p>\n","protected":false},"author":379,"featured_media":0,"parent":0,"menu_order":0,"comment_status":"open","ping_status":"open","template":"","meta":{"footnotes":""},"class_list":["post-13","page","type-page","status-publish","hentry","post-preview"],"yoast_head":"<!-- This site is optimized with the Yoast SEO plugin v27.4 - https:\/\/yoast.com\/product\/yoast-seo-wordpress\/ -->\n<title>Alexander B\u00fcchner - Neues aus Buechnerland<\/title>\n<meta name=\"robots\" content=\"index, follow, max-snippet:-1, max-image-preview:large, max-video-preview:-1\" \/>\n<link rel=\"canonical\" href=\"https:\/\/geschwisterbuechner.de\/?page_id=13\" \/>\n<meta property=\"og:locale\" content=\"de_DE\" \/>\n<meta property=\"og:type\" content=\"article\" \/>\n<meta property=\"og:title\" content=\"Alexander B\u00fcchner - Neues aus Buechnerland\" \/>\n<meta property=\"og:description\" content=\"Alexander Karl Ludwig B\u00fcchner (* 25. Oktober 1827; \u0086 7. M\u00e4rz 1904 in Hannover) war ein deutsch-franz\u00f6sischer Schriftsteller und Professor der Literaturgeschichte. Alexander B\u00fcchner war nach einem Jurastudium in Gie\u00dfen \u0084Accessist\u0094 am Landgericht Langen (Hessen) geworden. 1851 wurde ihm der\u0084Acce\u07d4 wegen staatsfeindlicher Gesinnung entzogen. Er hatte sich in London mit exilierten 48er-Revolution\u00e4ren getroffen und war [&hellip;]\" \/>\n<meta property=\"og:url\" content=\"https:\/\/geschwisterbuechner.de\/?page_id=13\" \/>\n<meta property=\"og:site_name\" content=\"Neues aus Buechnerland\" \/>\n<meta property=\"article:modified_time\" content=\"2019-06-03T07:26:03+00:00\" \/>\n<meta property=\"og:image\" content=\"https:\/\/geschwisterbuechner.de\/wp-content\/uploads\/2010\/10\/alexander_aus_anton.jpg\" \/>\n<meta name=\"twitter:card\" content=\"summary_large_image\" \/>\n<meta name=\"twitter:site\" content=\"@s_p_brunner\" \/>\n<meta name=\"twitter:label1\" content=\"Gesch\u00e4tzte Lesezeit\" \/>\n\t<meta name=\"twitter:data1\" content=\"2\u00a0Minuten\" \/>\n<script type=\"application\/ld+json\" class=\"yoast-schema-graph\">{\"@context\":\"https:\\\/\\\/schema.org\",\"@graph\":[{\"@type\":\"WebPage\",\"@id\":\"https:\\\/\\\/geschwisterbuechner.de\\\/?page_id=13\",\"url\":\"https:\\\/\\\/geschwisterbuechner.de\\\/?page_id=13\",\"name\":\"Alexander B\u00fcchner - Neues aus Buechnerland\",\"isPartOf\":{\"@id\":\"https:\\\/\\\/geschwisterbuechner.de\\\/#website\"},\"primaryImageOfPage\":{\"@id\":\"https:\\\/\\\/geschwisterbuechner.de\\\/?page_id=13#primaryimage\"},\"image\":{\"@id\":\"https:\\\/\\\/geschwisterbuechner.de\\\/?page_id=13#primaryimage\"},\"thumbnailUrl\":\"https:\\\/\\\/geschwisterbuechner.de\\\/wp-content\\\/uploads\\\/2010\\\/10\\\/alexander_aus_anton.jpg\",\"datePublished\":\"2009-07-24T13:15:59+00:00\",\"dateModified\":\"2019-06-03T07:26:03+00:00\",\"breadcrumb\":{\"@id\":\"https:\\\/\\\/geschwisterbuechner.de\\\/?page_id=13#breadcrumb\"},\"inLanguage\":\"de\",\"potentialAction\":[{\"@type\":\"ReadAction\",\"target\":[\"https:\\\/\\\/geschwisterbuechner.de\\\/?page_id=13\"]}]},{\"@type\":\"ImageObject\",\"inLanguage\":\"de\",\"@id\":\"https:\\\/\\\/geschwisterbuechner.de\\\/?page_id=13#primaryimage\",\"url\":\"https:\\\/\\\/geschwisterbuechner.de\\\/wp-content\\\/uploads\\\/2010\\\/10\\\/alexander_aus_anton.jpg\",\"contentUrl\":\"https:\\\/\\\/geschwisterbuechner.de\\\/wp-content\\\/uploads\\\/2010\\\/10\\\/alexander_aus_anton.jpg\"},{\"@type\":\"BreadcrumbList\",\"@id\":\"https:\\\/\\\/geschwisterbuechner.de\\\/?page_id=13#breadcrumb\",\"itemListElement\":[{\"@type\":\"ListItem\",\"position\":1,\"name\":\"Startseite\",\"item\":\"https:\\\/\\\/geschwisterbuechner.de\\\/\"},{\"@type\":\"ListItem\",\"position\":2,\"name\":\"Alexander B\u00fcchner\"}]},{\"@type\":\"WebSite\",\"@id\":\"https:\\\/\\\/geschwisterbuechner.de\\\/#website\",\"url\":\"https:\\\/\\\/geschwisterbuechner.de\\\/\",\"name\":\"Neues aus Buechnerland\",\"description\":\"Peter Brunners Buechnerblog\",\"publisher\":{\"@id\":\"https:\\\/\\\/geschwisterbuechner.de\\\/#\\\/schema\\\/person\\\/ec81f262408192ea04c51ee9c89d48d9\"},\"potentialAction\":[{\"@type\":\"SearchAction\",\"target\":{\"@type\":\"EntryPoint\",\"urlTemplate\":\"https:\\\/\\\/geschwisterbuechner.de\\\/?s={search_term_string}\"},\"query-input\":{\"@type\":\"PropertyValueSpecification\",\"valueRequired\":true,\"valueName\":\"search_term_string\"}}],\"inLanguage\":\"de\"},{\"@type\":[\"Person\",\"Organization\"],\"@id\":\"https:\\\/\\\/geschwisterbuechner.de\\\/#\\\/schema\\\/person\\\/ec81f262408192ea04c51ee9c89d48d9\",\"name\":\"peter brunner\",\"image\":{\"@type\":\"ImageObject\",\"inLanguage\":\"de\",\"@id\":\"https:\\\/\\\/secure.gravatar.com\\\/avatar\\\/b6195224d15188d95b27ef2d5a30de7ec9d4b75805cd922fc20b18ef8165d1e4?s=96&d=mm&r=g\",\"url\":\"https:\\\/\\\/secure.gravatar.com\\\/avatar\\\/b6195224d15188d95b27ef2d5a30de7ec9d4b75805cd922fc20b18ef8165d1e4?s=96&d=mm&r=g\",\"contentUrl\":\"https:\\\/\\\/secure.gravatar.com\\\/avatar\\\/b6195224d15188d95b27ef2d5a30de7ec9d4b75805cd922fc20b18ef8165d1e4?s=96&d=mm&r=g\",\"caption\":\"peter brunner\"},\"logo\":{\"@id\":\"https:\\\/\\\/secure.gravatar.com\\\/avatar\\\/b6195224d15188d95b27ef2d5a30de7ec9d4b75805cd922fc20b18ef8165d1e4?s=96&d=mm&r=g\"}}]}<\/script>\n<!-- \/ Yoast SEO plugin. -->","yoast_head_json":{"title":"Alexander B\u00fcchner - Neues aus Buechnerland","robots":{"index":"index","follow":"follow","max-snippet":"max-snippet:-1","max-image-preview":"max-image-preview:large","max-video-preview":"max-video-preview:-1"},"canonical":"https:\/\/geschwisterbuechner.de\/?page_id=13","og_locale":"de_DE","og_type":"article","og_title":"Alexander B\u00fcchner - Neues aus Buechnerland","og_description":"Alexander Karl Ludwig B\u00fcchner (* 25. Oktober 1827; \u0086 7. M\u00e4rz 1904 in Hannover) war ein deutsch-franz\u00f6sischer Schriftsteller und Professor der Literaturgeschichte. Alexander B\u00fcchner war nach einem Jurastudium in Gie\u00dfen \u0084Accessist\u0094 am Landgericht Langen (Hessen) geworden. 1851 wurde ihm der\u0084Acce\u07d4 wegen staatsfeindlicher Gesinnung entzogen. Er hatte sich in London mit exilierten 48er-Revolution\u00e4ren getroffen und war [&hellip;]","og_url":"https:\/\/geschwisterbuechner.de\/?page_id=13","og_site_name":"Neues aus Buechnerland","article_modified_time":"2019-06-03T07:26:03+00:00","og_image":[{"url":"https:\/\/geschwisterbuechner.de\/wp-content\/uploads\/2010\/10\/alexander_aus_anton.jpg","type":"","width":"","height":""}],"twitter_card":"summary_large_image","twitter_site":"@s_p_brunner","twitter_misc":{"Gesch\u00e4tzte Lesezeit":"2\u00a0Minuten"},"schema":{"@context":"https:\/\/schema.org","@graph":[{"@type":"WebPage","@id":"https:\/\/geschwisterbuechner.de\/?page_id=13","url":"https:\/\/geschwisterbuechner.de\/?page_id=13","name":"Alexander B\u00fcchner - Neues aus Buechnerland","isPartOf":{"@id":"https:\/\/geschwisterbuechner.de\/#website"},"primaryImageOfPage":{"@id":"https:\/\/geschwisterbuechner.de\/?page_id=13#primaryimage"},"image":{"@id":"https:\/\/geschwisterbuechner.de\/?page_id=13#primaryimage"},"thumbnailUrl":"https:\/\/geschwisterbuechner.de\/wp-content\/uploads\/2010\/10\/alexander_aus_anton.jpg","datePublished":"2009-07-24T13:15:59+00:00","dateModified":"2019-06-03T07:26:03+00:00","breadcrumb":{"@id":"https:\/\/geschwisterbuechner.de\/?page_id=13#breadcrumb"},"inLanguage":"de","potentialAction":[{"@type":"ReadAction","target":["https:\/\/geschwisterbuechner.de\/?page_id=13"]}]},{"@type":"ImageObject","inLanguage":"de","@id":"https:\/\/geschwisterbuechner.de\/?page_id=13#primaryimage","url":"https:\/\/geschwisterbuechner.de\/wp-content\/uploads\/2010\/10\/alexander_aus_anton.jpg","contentUrl":"https:\/\/geschwisterbuechner.de\/wp-content\/uploads\/2010\/10\/alexander_aus_anton.jpg"},{"@type":"BreadcrumbList","@id":"https:\/\/geschwisterbuechner.de\/?page_id=13#breadcrumb","itemListElement":[{"@type":"ListItem","position":1,"name":"Startseite","item":"https:\/\/geschwisterbuechner.de\/"},{"@type":"ListItem","position":2,"name":"Alexander B\u00fcchner"}]},{"@type":"WebSite","@id":"https:\/\/geschwisterbuechner.de\/#website","url":"https:\/\/geschwisterbuechner.de\/","name":"Neues aus Buechnerland","description":"Peter Brunners Buechnerblog","publisher":{"@id":"https:\/\/geschwisterbuechner.de\/#\/schema\/person\/ec81f262408192ea04c51ee9c89d48d9"},"potentialAction":[{"@type":"SearchAction","target":{"@type":"EntryPoint","urlTemplate":"https:\/\/geschwisterbuechner.de\/?s={search_term_string}"},"query-input":{"@type":"PropertyValueSpecification","valueRequired":true,"valueName":"search_term_string"}}],"inLanguage":"de"},{"@type":["Person","Organization"],"@id":"https:\/\/geschwisterbuechner.de\/#\/schema\/person\/ec81f262408192ea04c51ee9c89d48d9","name":"peter brunner","image":{"@type":"ImageObject","inLanguage":"de","@id":"https:\/\/secure.gravatar.com\/avatar\/b6195224d15188d95b27ef2d5a30de7ec9d4b75805cd922fc20b18ef8165d1e4?s=96&d=mm&r=g","url":"https:\/\/secure.gravatar.com\/avatar\/b6195224d15188d95b27ef2d5a30de7ec9d4b75805cd922fc20b18ef8165d1e4?s=96&d=mm&r=g","contentUrl":"https:\/\/secure.gravatar.com\/avatar\/b6195224d15188d95b27ef2d5a30de7ec9d4b75805cd922fc20b18ef8165d1e4?s=96&d=mm&r=g","caption":"peter brunner"},"logo":{"@id":"https:\/\/secure.gravatar.com\/avatar\/b6195224d15188d95b27ef2d5a30de7ec9d4b75805cd922fc20b18ef8165d1e4?s=96&d=mm&r=g"}}]}},"_links":{"self":[{"href":"https:\/\/geschwisterbuechner.de\/index.php?rest_route=\/wp\/v2\/pages\/13","targetHints":{"allow":["GET"]}}],"collection":[{"href":"https:\/\/geschwisterbuechner.de\/index.php?rest_route=\/wp\/v2\/pages"}],"about":[{"href":"https:\/\/geschwisterbuechner.de\/index.php?rest_route=\/wp\/v2\/types\/page"}],"author":[{"embeddable":true,"href":"https:\/\/geschwisterbuechner.de\/index.php?rest_route=\/wp\/v2\/users\/379"}],"replies":[{"embeddable":true,"href":"https:\/\/geschwisterbuechner.de\/index.php?rest_route=%2Fwp%2Fv2%2Fcomments&post=13"}],"version-history":[{"count":4,"href":"https:\/\/geschwisterbuechner.de\/index.php?rest_route=\/wp\/v2\/pages\/13\/revisions"}],"predecessor-version":[{"id":4194,"href":"https:\/\/geschwisterbuechner.de\/index.php?rest_route=\/wp\/v2\/pages\/13\/revisions\/4194"}],"wp:attachment":[{"href":"https:\/\/geschwisterbuechner.de\/index.php?rest_route=%2Fwp%2Fv2%2Fmedia&parent=13"}],"curies":[{"name":"wp","href":"https:\/\/api.w.org\/{rel}","templated":true}]}}