{"id":122,"date":"2010-10-06T10:38:37","date_gmt":"2010-10-06T08:38:37","guid":{"rendered":"http:\/\/geschwisterbuechner.de\/das-buch-vor-dem-blog\/"},"modified":"2010-10-11T12:32:43","modified_gmt":"2010-10-11T10:32:43","slug":"das-buch-vor-dem-blog","status":"publish","type":"page","link":"https:\/\/geschwisterbuechner.de\/?page_id=122","title":{"rendered":"Das Buch vor dem Blog"},"content":{"rendered":"<p><meta http-equiv=\"CONTENT-TYPE\" content=\"text\/html; charset=utf-8\" \/><title><\/title><meta name=\"GENERATOR\" content=\"OpenOffice.org 3.2  (Win32)\" \/><\/p>\n<style type=\"text\/css\"> \t<!-- \t\t@page { margin: 2cm } \t\tP { margin-bottom: 0.21cm } \t--> \t<\/style>\n<p style=\"margin-bottom: 0cm\"><a href=\"https:\/\/geschwisterbuechner.de\/wp-content\/uploads\/2010\/10\/titelbild_buechnerbuch.jpg\" title=\"Titelbild_Buechnerbuch\"><img loading=\"lazy\" decoding=\"async\" src=\"https:\/\/geschwisterbuechner.de\/wp-content\/uploads\/2010\/10\/titelbild_buechnerbuch.thumbnail.jpg\" alt=\"Titelbild_Buechnerbuch\" height=\"171\" width=\"141\" \/><\/a><\/p>\n<p>\u0084<font size=\"3\">Die B\u00fcchners oder der Wunsch, die Welt zu ver\u00e4ndern\u0093<br \/>\nHeiner Boehnke, Hans Sarkowicz, Peter Brunner<br \/>\nSociet\u00e4ts-Verlag 2008, <\/font><font color=\"#231f20\">ISBN 978-3-7973-1045-3, 24,50 Euro<br \/>\n\u00dcberall im Buchhandel<br \/>\n<\/font><\/p>\n<p style=\"margin-bottom: 0cm\"><strong><font color=\"#231f20\">Ausgezeichnet mit dem Pr\u00e4dikat \u0084Hessenbuch des Jahres\u0094.\u00a0 <\/font><\/strong><\/p>\n<style type=\"text\/css\"> \t<!-- \t\t@page { margin: 2cm } \t\tP { margin-bottom: 0.21cm } \t--> \t<\/style>\n<p><font size=\"3\">Pressestimmen:\u00a0<\/font><\/p>\n<p style=\"margin-bottom: 0cm\">\u0084<font size=\"3\">Der liebevoll ausgestattete Band &#8222;Die B\u00fcchners oder der Wunsch, die Welt zu ver\u00e4ndern&#8220; f\u00fchrt die Geschwisterreihe jetzt eindrucksvoll vor. Es gab wohl keine andere im 19. Jahrhundert, die dieser aus Darmstadt das Wasser h\u00e4tte reichen k\u00f6nnen.\u0094<em> (Uwe Wittstock in der ZEIT vom 11.10.2008)<\/em><\/font><\/p>\n<p style=\"margin-bottom: 0cm\">\u0084<font size=\"3\">In sechs Kapiteln widmen sich die drei Autoren fast haupts\u00e4chlich den weniger bekannten Familienmitgliedern, ohne dabei den ber\u00fchmten Georg aus dem Blick zu verlieren. Er bleibt trotz oder wegen seines fr\u00fchen Todes (1837) in der Familie stets pr\u00e4sent.\u0094 (Marianne Kreikenbom im Wiesbadener Tagblatt vom 18.10.2008) <\/font><\/p>\n<p style=\"margin-bottom: 0cm\">\u0084<font size=\"3\">Die linke \u00d6kologiebewegung hat einmal den Slogan gepr\u00e4gt: global denken, lokal handeln. Auf Regionalia bezogen k\u00f6nnte man das folgenderma\u00dfen \u00fcbersetzen: lokal fokussieren, global einbinden. Dann n\u00e4mlich erm\u00f6glicht Literatur sowohl Verortung und Identifikation als auch neue Blickwinkel und eine kritische Auseinandersetzung. Das l\u00e4sst sich am Beispiel des &#8222;Hessenbuchs 2008&#8220; illustrieren. F\u00fcr ihr Buch &#8222;Die B\u00fcchners oder der Wunsch, die Welt zu ver\u00e4ndern&#8220; gingen Heiner Boehncke, Peter Brunner und Hans Sarkowicz aus von den H\u00e4usern, den Lebensorten wie Darmstadt, um von dort aus die Personen zu beleuchten, die wiederum etwas \u00fcber eine bestimmte Schicht, n\u00e4mlich das gebildete B\u00fcrgertum und dessen Lebenshaltung erz\u00e4hlen. Vor diesem Hintergrund bekommt man ein tieferes Verst\u00e4ndnis f\u00fcr den zeitgen\u00f6ssischen Kontext des 19. Jahrhunderts und f\u00fcr die Texte, die in diesem Jahrhundert entstanden sind. Mich hat besonders das Leben der Schwestern Georg B\u00fcchners, Mathilde und Luise, ber\u00fchrt; die beiden spiegeln als Stellvertreterinnen zwei Frauenbilder, eines alten und eines b\u00fcrgerlichen auf dem Weg zur Emanzipation. Ber\u00fchrt hat mich aber auch, wie trotz zahlreicher literarischer und essayistischer Ver\u00f6ffentlichungen Luise B\u00fcchner &#8211; erst recht im Vergleich mit ihrem Bruder Georg &#8211; quasi vergessen wurde. Nicht nur wegen der von mir genannten Aspekte weist das Buch weit \u00fcber das Regionale &#8211; auch das ein Kriterium f\u00fcr die Preisvergabe &#8211; , sogar \u00fcber das Nationale hinaus.\u0094<br \/>\n<em>(Kirsten Alers in ihrer Laudatio zur Verleihung des \u0084Hessenbuch-Preises\u0093 in der Frankfurter Rundschau) <\/em><\/font><\/p>\n<p style=\"margin-bottom: 0cm\">\u0084<font size=\"3\">Auf 168 Seiten zeichnen die Autoren &#8230; in ihrem Buch in Bildbandformat den Alltag und das Schicksal der Gro\u00dffamilie B\u00fcchner nach. Neben dem Revolution\u00e4r Georg, dem Herausgeber des im Gro\u00dfherzogtum Hessen-Darmstadt verbotenen &#8222;Hessischen Landboten&#8220;, dem Autor des Dramas &#8222;Dantons Tod&#8220; und kompromisslosen Menschenrechtler, bekommen auch die \u00fcbrigen Geschwister Konturen: Der 1816 geborene Wilhelm, dann der Mediziner Ludwig, der Jurist Alexander und die Schwestern Luise und Mathilde. Bislang wusste man nur relativ wenig \u00fcber den Familienclan. Das Bindeglied zu Zwingenberg aber ist Wilhelm &#8211; &#8222;der dumme Bub&#8220; &#8211; , der sich trotz abgebrochener Schulausbildung derart pr\u00e4chtig mauserte, dass er zumindest im 19. Jahrhundert weitaus bekannter und ber\u00fchmter war als sein aufr\u00fchrerischer Bruder Georg. \u0085<br \/>\nEinem \u0084Laster&#8220; fr\u00f6nten fast alle Familienmitglieder: dem Schreiben. &#8222;Eine Familienkrankheit&#8220;, so beschrieb Brunner die Leidenschaft der Darmst\u00e4dter. Und noch eines hatten die B\u00fcchners gemein: Die revolution\u00e4re Gedanken, sprich ihren Einsatz f\u00fcr das einfache Volk.\u0094<br \/>\n<em>(Bergstr\u00e4\u00dfer Anzeiger vom 16. 12. 2008)<\/em><\/font>\n<\/p>\n<p style=\"margin-bottom: 0cm\">&nbsp;<\/p>\n<p style=\"margin-bottom: 0cm\">&nbsp;<\/p>\n<p style=\"margin-bottom: 0cm\">&nbsp;<\/p>\n","protected":false},"excerpt":{"rendered":"<p>\u0084Die B\u00fcchners oder der Wunsch, die Welt zu ver\u00e4ndern\u0093 Heiner Boehnke, Hans Sarkowicz, Peter Brunner Societ\u00e4ts-Verlag 2008, ISBN 978-3-7973-1045-3, 24,50 Euro \u00dcberall im Buchhandel Ausgezeichnet mit dem Pr\u00e4dikat \u0084Hessenbuch des Jahres\u0094.\u00a0 Pressestimmen:\u00a0 \u0084Der liebevoll ausgestattete Band &#8222;Die B\u00fcchners oder der Wunsch, die Welt zu ver\u00e4ndern&#8220; f\u00fchrt die Geschwisterreihe jetzt eindrucksvoll vor. Es gab wohl keine [&hellip;]<\/p>\n","protected":false},"author":379,"featured_media":0,"parent":0,"menu_order":1,"comment_status":"open","ping_status":"open","template":"","meta":{"footnotes":""},"class_list":["post-122","page","type-page","status-publish","hentry","post-preview"],"yoast_head":"<!-- This site is optimized with the Yoast SEO plugin v27.4 - https:\/\/yoast.com\/product\/yoast-seo-wordpress\/ -->\n<title>Das Buch vor dem Blog  - Neues aus Buechnerland<\/title>\n<meta name=\"robots\" content=\"index, follow, max-snippet:-1, max-image-preview:large, max-video-preview:-1\" \/>\n<link rel=\"canonical\" href=\"https:\/\/geschwisterbuechner.de\/?page_id=122\" \/>\n<meta property=\"og:locale\" content=\"de_DE\" \/>\n<meta property=\"og:type\" content=\"article\" \/>\n<meta property=\"og:title\" content=\"Das Buch vor dem Blog  - Neues aus Buechnerland\" \/>\n<meta property=\"og:description\" content=\"\u0084Die B\u00fcchners oder der Wunsch, die Welt zu ver\u00e4ndern\u0093 Heiner Boehnke, Hans Sarkowicz, Peter Brunner Societ\u00e4ts-Verlag 2008, ISBN 978-3-7973-1045-3, 24,50 Euro \u00dcberall im Buchhandel Ausgezeichnet mit dem Pr\u00e4dikat \u0084Hessenbuch des Jahres\u0094.\u00a0 Pressestimmen:\u00a0 \u0084Der liebevoll ausgestattete Band &#8222;Die B\u00fcchners oder der Wunsch, die Welt zu ver\u00e4ndern&#8220; f\u00fchrt die Geschwisterreihe jetzt eindrucksvoll vor. Es gab wohl keine [&hellip;]\" \/>\n<meta property=\"og:url\" content=\"https:\/\/geschwisterbuechner.de\/?page_id=122\" \/>\n<meta property=\"og:site_name\" content=\"Neues aus Buechnerland\" \/>\n<meta property=\"article:modified_time\" content=\"2010-10-11T10:32:43+00:00\" \/>\n<meta property=\"og:image\" content=\"https:\/\/geschwisterbuechner.de\/wp-content\/uploads\/2010\/10\/titelbild_buechnerbuch.thumbnail.jpg\" \/>\n<meta name=\"twitter:card\" content=\"summary_large_image\" \/>\n<meta name=\"twitter:site\" content=\"@s_p_brunner\" \/>\n<meta name=\"twitter:label1\" content=\"Gesch\u00e4tzte Lesezeit\" \/>\n\t<meta name=\"twitter:data1\" content=\"3\u00a0Minuten\" \/>\n<script type=\"application\/ld+json\" class=\"yoast-schema-graph\">{\"@context\":\"https:\\\/\\\/schema.org\",\"@graph\":[{\"@type\":\"WebPage\",\"@id\":\"https:\\\/\\\/geschwisterbuechner.de\\\/?page_id=122\",\"url\":\"https:\\\/\\\/geschwisterbuechner.de\\\/?page_id=122\",\"name\":\"Das Buch vor dem Blog - Neues aus Buechnerland\",\"isPartOf\":{\"@id\":\"https:\\\/\\\/geschwisterbuechner.de\\\/#website\"},\"primaryImageOfPage\":{\"@id\":\"https:\\\/\\\/geschwisterbuechner.de\\\/?page_id=122#primaryimage\"},\"image\":{\"@id\":\"https:\\\/\\\/geschwisterbuechner.de\\\/?page_id=122#primaryimage\"},\"thumbnailUrl\":\"https:\\\/\\\/geschwisterbuechner.de\\\/wp-content\\\/uploads\\\/2010\\\/10\\\/titelbild_buechnerbuch.thumbnail.jpg\",\"datePublished\":\"2010-10-06T08:38:37+00:00\",\"dateModified\":\"2010-10-11T10:32:43+00:00\",\"breadcrumb\":{\"@id\":\"https:\\\/\\\/geschwisterbuechner.de\\\/?page_id=122#breadcrumb\"},\"inLanguage\":\"de\",\"potentialAction\":[{\"@type\":\"ReadAction\",\"target\":[\"https:\\\/\\\/geschwisterbuechner.de\\\/?page_id=122\"]}]},{\"@type\":\"ImageObject\",\"inLanguage\":\"de\",\"@id\":\"https:\\\/\\\/geschwisterbuechner.de\\\/?page_id=122#primaryimage\",\"url\":\"https:\\\/\\\/geschwisterbuechner.de\\\/wp-content\\\/uploads\\\/2010\\\/10\\\/titelbild_buechnerbuch.thumbnail.jpg\",\"contentUrl\":\"https:\\\/\\\/geschwisterbuechner.de\\\/wp-content\\\/uploads\\\/2010\\\/10\\\/titelbild_buechnerbuch.thumbnail.jpg\"},{\"@type\":\"BreadcrumbList\",\"@id\":\"https:\\\/\\\/geschwisterbuechner.de\\\/?page_id=122#breadcrumb\",\"itemListElement\":[{\"@type\":\"ListItem\",\"position\":1,\"name\":\"Startseite\",\"item\":\"https:\\\/\\\/geschwisterbuechner.de\\\/\"},{\"@type\":\"ListItem\",\"position\":2,\"name\":\"Das Buch vor dem Blog\"}]},{\"@type\":\"WebSite\",\"@id\":\"https:\\\/\\\/geschwisterbuechner.de\\\/#website\",\"url\":\"https:\\\/\\\/geschwisterbuechner.de\\\/\",\"name\":\"Neues aus Buechnerland\",\"description\":\"Peter Brunners Buechnerblog\",\"publisher\":{\"@id\":\"https:\\\/\\\/geschwisterbuechner.de\\\/#\\\/schema\\\/person\\\/ec81f262408192ea04c51ee9c89d48d9\"},\"potentialAction\":[{\"@type\":\"SearchAction\",\"target\":{\"@type\":\"EntryPoint\",\"urlTemplate\":\"https:\\\/\\\/geschwisterbuechner.de\\\/?s={search_term_string}\"},\"query-input\":{\"@type\":\"PropertyValueSpecification\",\"valueRequired\":true,\"valueName\":\"search_term_string\"}}],\"inLanguage\":\"de\"},{\"@type\":[\"Person\",\"Organization\"],\"@id\":\"https:\\\/\\\/geschwisterbuechner.de\\\/#\\\/schema\\\/person\\\/ec81f262408192ea04c51ee9c89d48d9\",\"name\":\"peter brunner\",\"image\":{\"@type\":\"ImageObject\",\"inLanguage\":\"de\",\"@id\":\"https:\\\/\\\/secure.gravatar.com\\\/avatar\\\/b6195224d15188d95b27ef2d5a30de7ec9d4b75805cd922fc20b18ef8165d1e4?s=96&d=mm&r=g\",\"url\":\"https:\\\/\\\/secure.gravatar.com\\\/avatar\\\/b6195224d15188d95b27ef2d5a30de7ec9d4b75805cd922fc20b18ef8165d1e4?s=96&d=mm&r=g\",\"contentUrl\":\"https:\\\/\\\/secure.gravatar.com\\\/avatar\\\/b6195224d15188d95b27ef2d5a30de7ec9d4b75805cd922fc20b18ef8165d1e4?s=96&d=mm&r=g\",\"caption\":\"peter brunner\"},\"logo\":{\"@id\":\"https:\\\/\\\/secure.gravatar.com\\\/avatar\\\/b6195224d15188d95b27ef2d5a30de7ec9d4b75805cd922fc20b18ef8165d1e4?s=96&d=mm&r=g\"}}]}<\/script>\n<!-- \/ Yoast SEO plugin. -->","yoast_head_json":{"title":"Das Buch vor dem Blog  - Neues aus Buechnerland","robots":{"index":"index","follow":"follow","max-snippet":"max-snippet:-1","max-image-preview":"max-image-preview:large","max-video-preview":"max-video-preview:-1"},"canonical":"https:\/\/geschwisterbuechner.de\/?page_id=122","og_locale":"de_DE","og_type":"article","og_title":"Das Buch vor dem Blog  - Neues aus Buechnerland","og_description":"\u0084Die B\u00fcchners oder der Wunsch, die Welt zu ver\u00e4ndern\u0093 Heiner Boehnke, Hans Sarkowicz, Peter Brunner Societ\u00e4ts-Verlag 2008, ISBN 978-3-7973-1045-3, 24,50 Euro \u00dcberall im Buchhandel Ausgezeichnet mit dem Pr\u00e4dikat \u0084Hessenbuch des Jahres\u0094.\u00a0 Pressestimmen:\u00a0 \u0084Der liebevoll ausgestattete Band &#8222;Die B\u00fcchners oder der Wunsch, die Welt zu ver\u00e4ndern&#8220; f\u00fchrt die Geschwisterreihe jetzt eindrucksvoll vor. Es gab wohl keine [&hellip;]","og_url":"https:\/\/geschwisterbuechner.de\/?page_id=122","og_site_name":"Neues aus Buechnerland","article_modified_time":"2010-10-11T10:32:43+00:00","og_image":[{"url":"https:\/\/geschwisterbuechner.de\/wp-content\/uploads\/2010\/10\/titelbild_buechnerbuch.thumbnail.jpg","type":"","width":"","height":""}],"twitter_card":"summary_large_image","twitter_site":"@s_p_brunner","twitter_misc":{"Gesch\u00e4tzte Lesezeit":"3\u00a0Minuten"},"schema":{"@context":"https:\/\/schema.org","@graph":[{"@type":"WebPage","@id":"https:\/\/geschwisterbuechner.de\/?page_id=122","url":"https:\/\/geschwisterbuechner.de\/?page_id=122","name":"Das Buch vor dem Blog - Neues aus Buechnerland","isPartOf":{"@id":"https:\/\/geschwisterbuechner.de\/#website"},"primaryImageOfPage":{"@id":"https:\/\/geschwisterbuechner.de\/?page_id=122#primaryimage"},"image":{"@id":"https:\/\/geschwisterbuechner.de\/?page_id=122#primaryimage"},"thumbnailUrl":"https:\/\/geschwisterbuechner.de\/wp-content\/uploads\/2010\/10\/titelbild_buechnerbuch.thumbnail.jpg","datePublished":"2010-10-06T08:38:37+00:00","dateModified":"2010-10-11T10:32:43+00:00","breadcrumb":{"@id":"https:\/\/geschwisterbuechner.de\/?page_id=122#breadcrumb"},"inLanguage":"de","potentialAction":[{"@type":"ReadAction","target":["https:\/\/geschwisterbuechner.de\/?page_id=122"]}]},{"@type":"ImageObject","inLanguage":"de","@id":"https:\/\/geschwisterbuechner.de\/?page_id=122#primaryimage","url":"https:\/\/geschwisterbuechner.de\/wp-content\/uploads\/2010\/10\/titelbild_buechnerbuch.thumbnail.jpg","contentUrl":"https:\/\/geschwisterbuechner.de\/wp-content\/uploads\/2010\/10\/titelbild_buechnerbuch.thumbnail.jpg"},{"@type":"BreadcrumbList","@id":"https:\/\/geschwisterbuechner.de\/?page_id=122#breadcrumb","itemListElement":[{"@type":"ListItem","position":1,"name":"Startseite","item":"https:\/\/geschwisterbuechner.de\/"},{"@type":"ListItem","position":2,"name":"Das Buch vor dem Blog"}]},{"@type":"WebSite","@id":"https:\/\/geschwisterbuechner.de\/#website","url":"https:\/\/geschwisterbuechner.de\/","name":"Neues aus Buechnerland","description":"Peter Brunners Buechnerblog","publisher":{"@id":"https:\/\/geschwisterbuechner.de\/#\/schema\/person\/ec81f262408192ea04c51ee9c89d48d9"},"potentialAction":[{"@type":"SearchAction","target":{"@type":"EntryPoint","urlTemplate":"https:\/\/geschwisterbuechner.de\/?s={search_term_string}"},"query-input":{"@type":"PropertyValueSpecification","valueRequired":true,"valueName":"search_term_string"}}],"inLanguage":"de"},{"@type":["Person","Organization"],"@id":"https:\/\/geschwisterbuechner.de\/#\/schema\/person\/ec81f262408192ea04c51ee9c89d48d9","name":"peter brunner","image":{"@type":"ImageObject","inLanguage":"de","@id":"https:\/\/secure.gravatar.com\/avatar\/b6195224d15188d95b27ef2d5a30de7ec9d4b75805cd922fc20b18ef8165d1e4?s=96&d=mm&r=g","url":"https:\/\/secure.gravatar.com\/avatar\/b6195224d15188d95b27ef2d5a30de7ec9d4b75805cd922fc20b18ef8165d1e4?s=96&d=mm&r=g","contentUrl":"https:\/\/secure.gravatar.com\/avatar\/b6195224d15188d95b27ef2d5a30de7ec9d4b75805cd922fc20b18ef8165d1e4?s=96&d=mm&r=g","caption":"peter brunner"},"logo":{"@id":"https:\/\/secure.gravatar.com\/avatar\/b6195224d15188d95b27ef2d5a30de7ec9d4b75805cd922fc20b18ef8165d1e4?s=96&d=mm&r=g"}}]}},"_links":{"self":[{"href":"https:\/\/geschwisterbuechner.de\/index.php?rest_route=\/wp\/v2\/pages\/122","targetHints":{"allow":["GET"]}}],"collection":[{"href":"https:\/\/geschwisterbuechner.de\/index.php?rest_route=\/wp\/v2\/pages"}],"about":[{"href":"https:\/\/geschwisterbuechner.de\/index.php?rest_route=\/wp\/v2\/types\/page"}],"author":[{"embeddable":true,"href":"https:\/\/geschwisterbuechner.de\/index.php?rest_route=\/wp\/v2\/users\/379"}],"replies":[{"embeddable":true,"href":"https:\/\/geschwisterbuechner.de\/index.php?rest_route=%2Fwp%2Fv2%2Fcomments&post=122"}],"version-history":[{"count":0,"href":"https:\/\/geschwisterbuechner.de\/index.php?rest_route=\/wp\/v2\/pages\/122\/revisions"}],"wp:attachment":[{"href":"https:\/\/geschwisterbuechner.de\/index.php?rest_route=%2Fwp%2Fv2%2Fmedia&parent=122"}],"curies":[{"name":"wp","href":"https:\/\/api.w.org\/{rel}","templated":true}]}}